{"id":413,"date":"2022-02-11T12:34:56","date_gmt":"2022-02-11T12:34:56","guid":{"rendered":"https:\/\/straznicylasu.pl\/?page_id=413"},"modified":"2022-02-12T19:07:20","modified_gmt":"2022-02-12T19:07:20","slug":"dlaczego-lesne","status":"publish","type":"page","link":"https:\/\/straznicylasu.pl\/index.php\/dlaczego-lesne\/","title":{"rendered":"Dlaczego le\u015bne?"},"content":{"rendered":"\n<figure class=\"wp-block-pullquote\"><blockquote><p><em>\u201cDzieci lasu\u201d s\u0105 pewne siebie, odwa\u017cne i samodzielne. S\u0105 te\u017c zdrowsze ni\u017c dzieci, kt\u00f3re nie do\u015bwiadczaj\u0105&nbsp;le\u015bnej&nbsp;edu<\/em>kacji.<\/p><\/blockquote><\/figure>\n\n\n\n<p>Las jest nieocenionym bogactwem do\u015bwiadcze\u0144 umo\u017cliwiaj\u0105cym kontakt ze sob\u0105. W kontakcie z Natur\u0105 do\u015bwiadczamy \u017cycia ca\u0142ymi sob\u0105, wszystkie zmys\u0142y s\u0105 zaanga\u017cowane w dzia\u0142anie. Sami tworzymy to czym i jak chcemy si\u0119 bawi\u0107 &#8211; fantazja rozwija swoje skrzyd\u0142a. Jeste\u015bmy odkrywcami mikrokosmosu wok\u00f3\u0142 nas, pod nogami, nad g\u0142owami&#8230;Jeste\u015bmy RAZEM z uwag\u0105 i szacunkiem dla wszystkich Istot wok\u00f3\u0142.&nbsp;<\/p>\n\n\n\n<p><\/p>\n\n\n\n<figure class=\"wp-block-gallery has-nested-images columns-default is-cropped wp-block-gallery-1 is-layout-flex wp-block-gallery-is-layout-flex\">\n<figure class=\"wp-block-image size-large\"><img loading=\"lazy\" decoding=\"async\" width=\"1920\" height=\"1080\" data-id=\"356\" src=\"https:\/\/straznicylasu.pl\/wp-content\/uploads\/2022\/02\/15.jpg\" alt=\"\" class=\"wp-image-356\" srcset=\"https:\/\/straznicylasu.pl\/wp-content\/uploads\/2022\/02\/15.jpg 1920w, https:\/\/straznicylasu.pl\/wp-content\/uploads\/2022\/02\/15-300x169.jpg 300w, https:\/\/straznicylasu.pl\/wp-content\/uploads\/2022\/02\/15-1024x576.jpg 1024w, https:\/\/straznicylasu.pl\/wp-content\/uploads\/2022\/02\/15-768x432.jpg 768w, https:\/\/straznicylasu.pl\/wp-content\/uploads\/2022\/02\/15-1536x864.jpg 1536w, https:\/\/straznicylasu.pl\/wp-content\/uploads\/2022\/02\/15-107x60.jpg 107w, https:\/\/straznicylasu.pl\/wp-content\/uploads\/2022\/02\/15-840x473.jpg 840w\" sizes=\"auto, (max-width: 1920px) 100vw, 1920px\" \/><\/figure>\n\n\n\n<figure class=\"wp-block-image size-large\"><img loading=\"lazy\" decoding=\"async\" width=\"953\" height=\"505\" data-id=\"359\" src=\"https:\/\/straznicylasu.pl\/wp-content\/uploads\/2022\/02\/brudne-kalosze.jpg\" alt=\"\" class=\"wp-image-359\" srcset=\"https:\/\/straznicylasu.pl\/wp-content\/uploads\/2022\/02\/brudne-kalosze.jpg 953w, https:\/\/straznicylasu.pl\/wp-content\/uploads\/2022\/02\/brudne-kalosze-300x159.jpg 300w, https:\/\/straznicylasu.pl\/wp-content\/uploads\/2022\/02\/brudne-kalosze-768x407.jpg 768w, https:\/\/straznicylasu.pl\/wp-content\/uploads\/2022\/02\/brudne-kalosze-113x60.jpg 113w\" sizes=\"auto, (max-width: 953px) 100vw, 953px\" \/><\/figure>\n\n\n\n<figure class=\"wp-block-image size-large\"><img loading=\"lazy\" decoding=\"async\" width=\"1920\" height=\"1080\" data-id=\"449\" src=\"https:\/\/straznicylasu.pl\/wp-content\/uploads\/2022\/02\/dlaczegoLesne.jpg\" alt=\"\" class=\"wp-image-449\" srcset=\"https:\/\/straznicylasu.pl\/wp-content\/uploads\/2022\/02\/dlaczegoLesne.jpg 1920w, https:\/\/straznicylasu.pl\/wp-content\/uploads\/2022\/02\/dlaczegoLesne-300x169.jpg 300w, https:\/\/straznicylasu.pl\/wp-content\/uploads\/2022\/02\/dlaczegoLesne-1024x576.jpg 1024w, https:\/\/straznicylasu.pl\/wp-content\/uploads\/2022\/02\/dlaczegoLesne-768x432.jpg 768w, https:\/\/straznicylasu.pl\/wp-content\/uploads\/2022\/02\/dlaczegoLesne-1536x864.jpg 1536w, https:\/\/straznicylasu.pl\/wp-content\/uploads\/2022\/02\/dlaczegoLesne-107x60.jpg 107w, https:\/\/straznicylasu.pl\/wp-content\/uploads\/2022\/02\/dlaczegoLesne-840x473.jpg 840w\" sizes=\"auto, (max-width: 1920px) 100vw, 1920px\" \/><\/figure>\n<\/figure>\n\n\n\n<p><strong>Przebywanie dzieci w przestrzeni le\u015bnej niesie ze sob\u0105 korzy\u015bci w wielu aspektach ich rozwoju:<\/strong><\/p>\n\n\n\n<ul class=\"wp-block-list\"><li> rozwoju osobowo\u015bci: pog\u0142\u0119bia samo\u015bwiadomo\u015b\u0107, przybli\u017ca prawdziwy, \u017cywy \u015bwiat warto\u015bci<\/li><li> rozwoju poznawczego: poprzez swobodn\u0105 eksploracj\u0119 poszerza wiedz\u0119 o \u015bwiecie,&nbsp;samodzielno\u015b\u0107 i kompetencje badawcze,<\/li><li> rozwoju zmys\u0142\u00f3w: stymuluje rozw\u00f3j zmys\u0142\u00f3w i integracj\u0119 sensoryczn\u0105 poprzez r\u00f3\u017cnorodno\u015b\u0107 do\u015bwiadcze\u0144 zmys\u0142owych<\/li><li>rozwoju motoryki: dzi\u0119ki obfito\u015bci i r\u00f3\u017cnorodno\u015bci ruchu w naturalnym, zr\u00f3\u017cnicowanym \u015brodowisku<\/li><li> rozwoju emocjonalnego: wzrasta samodzielno\u015b\u0107 i wiara w swoje si\u0142y \u201eja potrafi\u0119\u201d<\/li><li> rozwoju spo\u0142ecznego: brak gotowych zabawek zach\u0119ca do wsp\u00f3lnych zabaw<\/li><li> rozw\u00f3j poznawczy: na bazie do\u015bwiadcze\u0144 dziecko buduje wiedz\u0119 o \u015bwiecie i zale\u017cno\u015bciach w nim.<\/li><li> wzmacnia zdrowie<\/li><\/ul>\n\n\n\n<div class=\"wp-block-image\"><figure class=\"aligncenter size-large\"><img loading=\"lazy\" decoding=\"async\" width=\"1024\" height=\"576\" src=\"https:\/\/straznicylasu.pl\/wp-content\/uploads\/2022\/02\/Dlaczego-lesne-Prezentacja-169-11-1024x576.jpg\" alt=\"\" class=\"wp-image-245\" srcset=\"https:\/\/straznicylasu.pl\/wp-content\/uploads\/2022\/02\/Dlaczego-lesne-Prezentacja-169-11-1024x576.jpg 1024w, https:\/\/straznicylasu.pl\/wp-content\/uploads\/2022\/02\/Dlaczego-lesne-Prezentacja-169-11-300x169.jpg 300w, https:\/\/straznicylasu.pl\/wp-content\/uploads\/2022\/02\/Dlaczego-lesne-Prezentacja-169-11-768x432.jpg 768w, https:\/\/straznicylasu.pl\/wp-content\/uploads\/2022\/02\/Dlaczego-lesne-Prezentacja-169-11-1536x864.jpg 1536w, https:\/\/straznicylasu.pl\/wp-content\/uploads\/2022\/02\/Dlaczego-lesne-Prezentacja-169-11-107x60.jpg 107w, https:\/\/straznicylasu.pl\/wp-content\/uploads\/2022\/02\/Dlaczego-lesne-Prezentacja-169-11-840x473.jpg 840w, https:\/\/straznicylasu.pl\/wp-content\/uploads\/2022\/02\/Dlaczego-lesne-Prezentacja-169-11.jpg 1920w\" sizes=\"auto, (max-width: 1024px) 100vw, 1024px\" \/><\/figure><\/div>\n\n\n\n<div class=\"wp-block-image\"><figure class=\"aligncenter size-large\"><img loading=\"lazy\" decoding=\"async\" width=\"1024\" height=\"149\" src=\"https:\/\/straznicylasu.pl\/wp-content\/uploads\/2022\/01\/wiewiurka-pasek-1-1024x149.jpg\" alt=\"\" class=\"wp-image-218\" srcset=\"https:\/\/straznicylasu.pl\/wp-content\/uploads\/2022\/01\/wiewiurka-pasek-1-1024x149.jpg 1024w, https:\/\/straznicylasu.pl\/wp-content\/uploads\/2022\/01\/wiewiurka-pasek-1-300x44.jpg 300w, https:\/\/straznicylasu.pl\/wp-content\/uploads\/2022\/01\/wiewiurka-pasek-1-768x112.jpg 768w, https:\/\/straznicylasu.pl\/wp-content\/uploads\/2022\/01\/wiewiurka-pasek-1-412x60.jpg 412w, https:\/\/straznicylasu.pl\/wp-content\/uploads\/2022\/01\/wiewiurka-pasek-1.jpg 1368w\" sizes=\"auto, (max-width: 1024px) 100vw, 1024px\" \/><\/figure><\/div>\n","protected":false},"excerpt":{"rendered":"<p>\u201cDzieci lasu\u201d s\u0105 pewne siebie, odwa\u017cne i samodzielne. S\u0105 te\u017c zdrowsze ni\u017c dzieci, kt\u00f3re nie do\u015bwiadczaj\u0105&nbsp;le\u015bnej&nbsp;edukacji. Las jest nieocenionym bogactwem do\u015bwiadcze\u0144 umo\u017cliwiaj\u0105cym kontakt ze sob\u0105. &hellip; <\/p>\n","protected":false},"author":1,"featured_media":0,"parent":0,"menu_order":0,"comment_status":"closed","ping_status":"closed","template":"","meta":{"footnotes":""},"class_list":["post-413","page","type-page","status-publish","hentry","latest_post"],"_links":{"self":[{"href":"https:\/\/straznicylasu.pl\/index.php\/wp-json\/wp\/v2\/pages\/413","targetHints":{"allow":["GET"]}}],"collection":[{"href":"https:\/\/straznicylasu.pl\/index.php\/wp-json\/wp\/v2\/pages"}],"about":[{"href":"https:\/\/straznicylasu.pl\/index.php\/wp-json\/wp\/v2\/types\/page"}],"author":[{"embeddable":true,"href":"https:\/\/straznicylasu.pl\/index.php\/wp-json\/wp\/v2\/users\/1"}],"replies":[{"embeddable":true,"href":"https:\/\/straznicylasu.pl\/index.php\/wp-json\/wp\/v2\/comments?post=413"}],"version-history":[{"count":8,"href":"https:\/\/straznicylasu.pl\/index.php\/wp-json\/wp\/v2\/pages\/413\/revisions"}],"predecessor-version":[{"id":528,"href":"https:\/\/straznicylasu.pl\/index.php\/wp-json\/wp\/v2\/pages\/413\/revisions\/528"}],"wp:attachment":[{"href":"https:\/\/straznicylasu.pl\/index.php\/wp-json\/wp\/v2\/media?parent=413"}],"curies":[{"name":"wp","href":"https:\/\/api.w.org\/{rel}","templated":true}]}}